{"id":9938,"date":"2021-07-09T11:19:49","date_gmt":"2021-07-09T11:19:49","guid":{"rendered":"https:\/\/teichenne.com\/privacy\/"},"modified":"2023-10-10T11:33:00","modified_gmt":"2023-10-10T09:33:00","slug":"privacy","status":"publish","type":"page","link":"https:\/\/teichenne.com\/ca\/privacy\/","title":{"rendered":"Privacy"},"content":{"rendered":"\t\t<div data-elementor-type=\"wp-page\" data-elementor-id=\"9938\" class=\"elementor elementor-9938 elementor-5747\">\n\t\t\t\t\t\t<section class=\"elementor-section elementor-top-section elementor-element elementor-element-1798570 elementor-section-boxed elementor-section-height-default elementor-section-height-default\" data-id=\"1798570\" data-element_type=\"section\" data-settings=\"{&quot;jet_parallax_layout_list&quot;:[{&quot;jet_parallax_layout_image&quot;:{&quot;url&quot;:&quot;&quot;,&quot;id&quot;:&quot;&quot;,&quot;size&quot;:&quot;&quot;},&quot;_id&quot;:&quot;2ed4444&quot;,&quot;jet_parallax_layout_image_tablet&quot;:{&quot;url&quot;:&quot;&quot;,&quot;id&quot;:&quot;&quot;,&quot;size&quot;:&quot;&quot;},&quot;jet_parallax_layout_image_mobile&quot;:{&quot;url&quot;:&quot;&quot;,&quot;id&quot;:&quot;&quot;,&quot;size&quot;:&quot;&quot;},&quot;jet_parallax_layout_speed&quot;:{&quot;unit&quot;:&quot;%&quot;,&quot;size&quot;:50,&quot;sizes&quot;:[]},&quot;jet_parallax_layout_type&quot;:&quot;scroll&quot;,&quot;jet_parallax_layout_direction&quot;:&quot;1&quot;,&quot;jet_parallax_layout_fx_direction&quot;:null,&quot;jet_parallax_layout_z_index&quot;:&quot;&quot;,&quot;jet_parallax_layout_bg_x&quot;:50,&quot;jet_parallax_layout_bg_x_tablet&quot;:&quot;&quot;,&quot;jet_parallax_layout_bg_x_mobile&quot;:&quot;&quot;,&quot;jet_parallax_layout_bg_y&quot;:50,&quot;jet_parallax_layout_bg_y_tablet&quot;:&quot;&quot;,&quot;jet_parallax_layout_bg_y_mobile&quot;:&quot;&quot;,&quot;jet_parallax_layout_bg_size&quot;:&quot;auto&quot;,&quot;jet_parallax_layout_bg_size_tablet&quot;:&quot;&quot;,&quot;jet_parallax_layout_bg_size_mobile&quot;:&quot;&quot;,&quot;jet_parallax_layout_animation_prop&quot;:&quot;transform&quot;,&quot;jet_parallax_layout_on&quot;:[&quot;desktop&quot;,&quot;tablet&quot;]}]}\">\n\t\t\t\t\t\t<div class=\"elementor-container elementor-column-gap-default\">\n\t\t\t\t\t<div class=\"elementor-column elementor-col-100 elementor-top-column elementor-element elementor-element-ee20115\" data-id=\"ee20115\" data-element_type=\"column\">\n\t\t\t<div class=\"elementor-widget-wrap elementor-element-populated\">\n\t\t\t\t\t\t<div class=\"elementor-element elementor-element-5399c95 animated-fast elementor-invisible elementor-widget elementor-widget-heading\" data-id=\"5399c95\" data-element_type=\"widget\" data-settings=\"{&quot;_animation&quot;:&quot;slideInRight&quot;}\" data-widget_type=\"heading.default\">\n\t\t\t\t<div class=\"elementor-widget-container\">\n\t\t\t\t\t<h1 class=\"elementor-heading-title elementor-size-default\">Politica de privacitat<\/h1>\t\t\t\t<\/div>\n\t\t\t\t<\/div>\n\t\t\t\t\t<\/div>\n\t\t<\/div>\n\t\t\t\t\t<\/div>\n\t\t<\/section>\n\t\t\t\t<section class=\"elementor-section elementor-top-section elementor-element elementor-element-f655978 elementor-section-boxed elementor-section-height-default elementor-section-height-default\" data-id=\"f655978\" data-element_type=\"section\" data-settings=\"{&quot;jet_parallax_layout_list&quot;:[{&quot;jet_parallax_layout_image&quot;:{&quot;url&quot;:&quot;&quot;,&quot;id&quot;:&quot;&quot;,&quot;size&quot;:&quot;&quot;},&quot;_id&quot;:&quot;bb53dc4&quot;,&quot;jet_parallax_layout_image_tablet&quot;:{&quot;url&quot;:&quot;&quot;,&quot;id&quot;:&quot;&quot;,&quot;size&quot;:&quot;&quot;},&quot;jet_parallax_layout_image_mobile&quot;:{&quot;url&quot;:&quot;&quot;,&quot;id&quot;:&quot;&quot;,&quot;size&quot;:&quot;&quot;},&quot;jet_parallax_layout_speed&quot;:{&quot;unit&quot;:&quot;%&quot;,&quot;size&quot;:50,&quot;sizes&quot;:[]},&quot;jet_parallax_layout_type&quot;:&quot;scroll&quot;,&quot;jet_parallax_layout_direction&quot;:&quot;1&quot;,&quot;jet_parallax_layout_fx_direction&quot;:null,&quot;jet_parallax_layout_z_index&quot;:&quot;&quot;,&quot;jet_parallax_layout_bg_x&quot;:50,&quot;jet_parallax_layout_bg_x_tablet&quot;:&quot;&quot;,&quot;jet_parallax_layout_bg_x_mobile&quot;:&quot;&quot;,&quot;jet_parallax_layout_bg_y&quot;:50,&quot;jet_parallax_layout_bg_y_tablet&quot;:&quot;&quot;,&quot;jet_parallax_layout_bg_y_mobile&quot;:&quot;&quot;,&quot;jet_parallax_layout_bg_size&quot;:&quot;auto&quot;,&quot;jet_parallax_layout_bg_size_tablet&quot;:&quot;&quot;,&quot;jet_parallax_layout_bg_size_mobile&quot;:&quot;&quot;,&quot;jet_parallax_layout_animation_prop&quot;:&quot;transform&quot;,&quot;jet_parallax_layout_on&quot;:[&quot;desktop&quot;,&quot;tablet&quot;]}],&quot;background_background&quot;:&quot;classic&quot;}\">\n\t\t\t\t\t\t<div class=\"elementor-container elementor-column-gap-default\">\n\t\t\t\t\t<div class=\"elementor-column elementor-col-100 elementor-top-column elementor-element elementor-element-7420de6 raven-column-flex-vertical raven-column-flex-center\" data-id=\"7420de6\" data-element_type=\"column\">\n\t\t\t<div class=\"elementor-widget-wrap elementor-element-populated\">\n\t\t\t\t\t\t<div class=\"elementor-element elementor-element-ff60fb5 elementor-invisible elementor-widget elementor-widget-text-editor\" data-id=\"ff60fb5\" data-element_type=\"widget\" data-settings=\"{&quot;_animation&quot;:&quot;fadeIn&quot;,&quot;_animation_delay&quot;:800}\" data-widget_type=\"text-editor.default\">\n\t\t\t\t<div class=\"elementor-widget-container\">\n\t\t\t\t\t\t\t\t\t<p>Li donem la benvinguda a la web corporativa i li convidem a con\u00e8ixer aquests termes abans que faciliti les seves dades personals en ella.<\/p>\n<p><strong>Menors d&#8217;edat<\/strong><\/p>\n<p>En el cas dels menors de catorze anys es requereix el consentiment dels pares o tutors per al tractament de les seves dades personals.<\/p>\n<p>En cap cas es recaptaran del menor d&#8217;edat dades relatives a la situaci\u00f3 professional, econ\u00f2mica o a la intimitat dels altres membres de la fam\u00edlia, sense el consentiment d&#8217;aquests.<\/p>\n<p>Si ets menor de catorze anys i has accedit a aquest lloc web sense avisar als teus pares <strong>no has de donar-nos cap mena de dades personals.<\/strong><\/p>\n<p><strong>Alguns principis que ha de con\u00e8ixer<\/strong><\/p>\n<p>En <strong>Teichenn\u00e9, S.A.<\/strong> es una prioritat el respecte i la protecci\u00f3 de les dades personals dels usuaris. Com a usuari ha de saber que els seus drets estan garantits en aquesta web.<\/p>\n<p>Ens hem esfor\u00e7at a crear un espai segur i de confian\u00e7a i per aix\u00f2 volem compartir els nostres principis respecte a la seva privacitat:<\/p>\n<ul>\n<li>Mai sol\u00b7licitem informaci\u00f3 personal tret que realment sigui necess\u00e0ria per a prestar-li els serveis que ens requereixi.<\/li>\n<li>Mai compartim informaci\u00f3 personal dels nostres usuaris amb ning\u00fa, excepte per a complir amb la llei o en cas que compti amb la seva autoritzaci\u00f3 expressa.<\/li>\n<li>Mai utilitzem les seves dades personals amb una finalitat diferent a l&#8217;expressada en aquesta pol\u00edtica de privacitat.<\/li>\n<\/ul>\n<p>Aquesta Pol\u00edtica de Privacitat podria variar en funci\u00f3 d&#8217;exig\u00e8ncies legislatives o d&#8217;autoregulaci\u00f3, per la qual cosa li aconsellem com a usuari que la visiti peri\u00f2dicament. Ser\u00e0 aplicable en cas que els usuaris decideixin emplenar qualsevol dels seus formularis de contacte on es recaptin dades de car\u00e0cter personal.<\/p>\n<p><strong>Regulacions legals a les quals s&#8217;acull aquesta web<\/strong><\/p>\n<p><strong>Teichenn\u00e9, S.A.<\/strong> ha adequat aquesta web a les exig\u00e8ncies de la Llei org\u00e0nica 3\/2018, de 5 de desembre, de Protecci\u00f3 de Dades de Car\u00e0cter Personal i Garantia dels Drets Digitals (LOPDGDD). Compleix tamb\u00e9 amb el Reglament (UE) 2016\/679 del Parlament Europeu i del Consell de 27 d&#8217;abril de 2016 relatiu a la protecci\u00f3 de les persones f\u00edsiques (RGPD).<\/p>\n<p><strong>Responsable del tractament de les seves dades personals<\/strong><\/p>\n<ul>\n<li><strong>Nom comercial:<\/strong> Teichenn\u00e9, S.A.<\/li>\n<li><strong>NIF\/CIF:<\/strong> A08097180<\/li>\n<li><strong>Adre\u00e7a:<\/strong> Ctra. N-340 Km 1194,8 \u2013 43719 Bellvei del Pened\u00e8s (Tarragona)<\/li>\n<li><strong> Correu electr\u00f2nic:<\/strong> teichenne@teichenne.com<\/li>\n<li><strong>Activitat:<\/strong> Fabricaci\u00f3 de Licors (CNAE 1101)<\/li>\n<\/ul>\n<p>A l&#8217;efecte del que es preveu en el Reglament General de Protecci\u00f3 de Dades abans citat, les dades personals que ens envi\u00ef a trav\u00e9s dels formularis de la web rebran el tractament de dades de \u201cUsuaris de la web\u201d.<\/p>\n<p>Per al tractament de dades dels nostres usuaris implementem totes les mesures t\u00e8cniques i organitzatives de seguretat establertes en la legislaci\u00f3 vigent.<\/p>\n<p> <strong>Com hem obtingut les seves dades?<\/strong><\/p>\n<p>Les dades personals que tractem en <strong>Teichenn\u00e9, S.A.<\/strong> procedeixen de:<\/p>\n<ul>\n<li>Formulari de contacte de la web <strong>https:\/\/www.teichenne.com<\/strong><\/li>\n<li>Curriculum Vitae<\/li>\n<li>Formulari de sol\u00b7licitud de servei via telef\u00f2nica o personal<\/li>\n<\/ul>\n<p><strong>Quins s\u00f3n els seus drets quan ens facilita les seves dades?<\/strong><\/p>\n<p>Qualsevol persona t\u00e9 dret a obtenir confirmaci\u00f3 sobre si en <strong>Teichenn\u00e9, S.A.<\/strong> estem tractant dades personals que el concerneixen o no.<\/p>\n<p>Les persones interessades tenen dret a:<\/p>\n<ul>\n<li>Sol\u00b7licitar l&#8217;acc\u00e9s a les dades personals relatives a l&#8217;interessat.<\/li>\n<li>Sol\u00b7licitar la seva rectificaci\u00f3 o supressi\u00f3.<\/li>\n<li>Solicitar la limitaci\u00f3n de su tratamiento.<\/li>\n<li>Oposar-se al tractament.<\/li>\n<li>Sol\u00b7licitar la portabilitat de les dades.<\/li>\n<li>Rebutjar el tractament automatitzat de les dades personals recollits.<\/li>\n<\/ul>\n<p>Els interessats podran <strong>accedir<\/strong> a les seves dades personals, aix\u00ed com a sol\u00b7licitar la <strong>rectificaci\u00f3<\/strong> de dades inexactes o, en el seu cas, a sol\u00b7licitar la seva <strong>supressi\u00f3<\/strong> quan, entre altres motius, les dades ja no siguin necessaris per als fins que van ser recollits.<\/p>\n<p>En determinades circumst\u00e0ncies, els interessats podran sol\u00b7licitar la <strong>limitaci\u00f3<\/strong> del tractament de les seves dades, i en aquest cas, \u00fanicament es conservessin per a l&#8217;exercici o la defensa de reclamacions.<\/p>\n<p>Tamb\u00e9 per motius relacionats amb la seva situaci\u00f3 particular, els interessats podran <strong>oposar-se<\/strong> al tractament de les seves dades.<strong>Teichenn\u00e9, S.A.<\/strong> deixar\u00e0 de tractar les dades, excepte per motius leg\u00edtims imperiosos, o l&#8217;exercici o la defensa de possibles reclamacions. Tamb\u00e9 podran sol\u00b7licitar la <strong>portabilitat<\/strong> d&#8217;aquestes dades. De la mateixa manera, podr\u00e0 rebutjar que les seves dades siguin tractades de <strong>manera autom\u00e0tica<\/strong> per a la creaci\u00f3 de perfils.<\/p>\n<p>Els interessats aix\u00ed mateix tindran dret a la tutela judicial efectiva i a presentar una reclamaci\u00f3 davant l&#8217;autoritat de control, en aquest cas, l&#8217;Ag\u00e8ncia Espanyola de Protecci\u00f3 de Dades, si consideren que el tractament de dades personals que el concerneixen infringeix el Reglament.<\/p>\n<p>Podr\u00e0 exercitar els seus drets per correu electr\u00f2nic a teichenne@teichenne.com<\/p>\n<p><strong> <\/strong><\/p>\n<p><strong> <\/strong><\/p>\n<p><strong>Amb quina finalitat tractem les seves dades personals?<\/strong><\/p>\n<p>Quan un usuari es connecta amb aquesta web per exemple per a posar-se en contacte amb nosaltres, est\u00e0 facilitant informaci\u00f3 de car\u00e0cter personal de la qual \u00e9s responsable <strong>Teichenn\u00e9, S.A.<\/strong> Aquesta informaci\u00f3 pot incloure dades de car\u00e0cter personal com poden ser la seva adre\u00e7a IP, nom, adre\u00e7a de correu electr\u00f2nic, n\u00famero de tel\u00e8fon i una altra informaci\u00f3. En facilitar aquesta informaci\u00f3, l&#8217;usuari d\u00f3na el seu consentiment perqu\u00e8 la seva informaci\u00f3 sigui recopilada, utilitzada, gestionada i emmagatzemada per <strong>Teichenn\u00e9, S.A.<\/strong> nom\u00e9s com es descriu en la present <strong>Pol\u00edtica de Privacitat.<\/strong><\/p>\n<p>En <strong>Teichenn\u00e9, S.A.<\/strong> tractem la informaci\u00f3 que ens faciliten les persones interessades amb la seg\u00fcent fi:<\/p>\n<ul>\n<li><strong>Formulari de contacte:<\/strong> Sol\u00b7licitem les seg\u00fcents dades personals: nom, email i tel\u00e8fon per a respondre als requeriments dels usuaris de la web <strong>https:\/\/www.teichenne.com.<\/strong> Per exemple, podem utilitzar aquestes dades per a respondre a la seva sol\u00b7licitud i donar resposta als dubtes, queixes, comentaris o inquietuds que pugui tenir relatives a la informaci\u00f3 inclosa en la web, els serveis que es presten a trav\u00e9s de la web, el tractament de les seves dades personals, q\u00fcestions referents als textos legals inclosos en la web, aix\u00ed com qualssevol altres consultes que pugui tenir i que no estiguin subjectes a les condicions de contractaci\u00f3. L&#8217;informem que les dades que ens faciliti estaran situades en els servidors de L\u00cdNEA GR\u00c1FICA, Especialistas en Comercio Electr\u00f3nico, S.L.&nbsp;(prove\u00efdor de hosting de <strong>Teichenn\u00e9, S.A.<\/strong>) dins de la UE.<\/li>\n<li><strong>Curriculum vitae:<\/strong> Sol\u00b7licitem les seg\u00fcents dades personals: nom, email, tel\u00e8fon, dades acad\u00e8miques i altres dades necess\u00e0ries per a avaluar els seus coneixements i amb la finalitat de formar part en els processos de selecci\u00f3 de personal que es duguin a terme per part nostra. <strong>Teichenn\u00e9, S.A.<\/strong> tractar\u00e0 les seves dades per a analitzar el seu perfil amb la finalitat d&#8217;avaluar determinats aspectes personals d&#8217;una persona f\u00edsica, en particular per a analitzar o predir aspectes relatius al rendiment professional, situaci\u00f3 econ\u00f2mica, salut, prefer\u00e8ncies personals, interessos, fiabilitat, comportament, ubicaci\u00f3 o moviments d&#8217;aquesta persona f\u00edsica.<\/li>\n<li><strong>Formulari de sol\u00b7licitud de servei:<\/strong> Sol\u00b7licitem les seg\u00fcents dades personals: nom, email, tel\u00e8fon i altres dades personals per a atendre les necessitats de cada usuari. Per exemple, podem utilitzar aquestes dades per a dur a terme la seva sol\u00b7licitud i donar el servei requerit. L&#8217;informem que les dades que ens faciliti estaran situades en els servidors de L\u00cdNEA GR\u00c1FICA, Especialistas en Comercio Electr\u00f3nico, S.L.&nbsp;(prove\u00efdor de hosting de <strong>Teichenn\u00e9, S.A.<\/strong>) dins de la UE.<\/li>\n<\/ul>\n<p>Existeixen altres finalitats per la qual tractem les seves dades personals:<\/p>\n<ul>\n<li>Per a garantir el compliment de les condicions d&#8217;\u00fas i la llei aplicable. Aix\u00f2 pot incloure el desenvolupament d&#8217;eines i algorismes que ajuden la nostra empresa a garantir la confidencialitat de les dades personals que recull.<\/li>\n<li>Per a secundar i millorar els serveis que oferim.<\/li>\n<li>Tamb\u00e9 es recullen altres dades no identificatives que s&#8217;obtenen mitjan\u00e7ant algunes cookies que es descarreguen en l&#8217;ordinador de l&#8217;usuari quan navega en aquesta web que es detallen en la <u>Pol\u00edtica de Cookies.<\/u><\/li>\n<\/ul>\n<p><strong>Teichenn\u00e9, S.A.<\/strong>, no ven, lloga ni cedeix dades de car\u00e0cter personal a tercers, sense el consentiment previ, que puguin identificar a l&#8217;usuari, ni el far\u00e0 en el futur. No obstant aix\u00f2, en alguns casos es poden realitzar col\u00b7laboracions amb altres professionals, en aquests casos, es requerir\u00e0 consentiment als usuaris informant sobre la identitat del col\u00b7laborador i la finalitat de la col\u00b7laboraci\u00f3. Sempre es realitzar\u00e0 amb els m\u00e9s estrictes est\u00e0ndards de seguretat.<\/p>\n<p><\/p>\n<p><strong>Legitimaci\u00f3 per al tractament de les seves dades<\/strong><\/p>\n<p>La base legal per al tractament de les seves dades \u00e9s <strong>el consentiment<\/strong>que se li sol\u00b7licita expressament. A m\u00e9s, l&#8217;oferta prospectiva de productes i serveis pot estar basada en l&#8217;execuci\u00f3 d&#8217;un <strong>contracte signat per totes dues parts.<\/strong><\/p>\n<p>Tamb\u00e9 podem publicar la seva imatge en activitats realitzades amb l&#8217;empresa. Si aix\u00f2 ocorre, ser\u00e0 degudament informat i en el seu cas se li recaptar\u00e0 el consentiment expl\u00edcit.<\/p>\n<p>Per a contactar amb nosaltres es requereix el consentiment d&#8217;aquesta Pol\u00edtica de Privacitat.<\/p>\n<p>L&#8217;oferta prospectiva o comercial de productes i serveis est\u00e0 basada tamb\u00e9 en el consentiment que se li sol\u00b7licita, sense que en cap cas la retirada d&#8217;aquest consentiment condicioni l&#8217;execuci\u00f3 del contracte signat. Tamb\u00e9 la contractaci\u00f3 de productes i serveis ser\u00e0 segons els termes i condicions que consten en la pol\u00edtica comercial.<\/p>\n<p><strong>Per quant temps conservarem les seves dades?<\/strong><\/p>\n<p>Les dades personals proporcionades es conservaran:<\/p>\n<ul>\n<li>Mentre es mantingui la relaci\u00f3 mercantil.<\/li>\n<li>No es sol\u00b7liciti la seva supressi\u00f3 per part de l&#8217;interessat.<\/li>\n<\/ul>\n<p>Per tant, podem garantir que les seves dades no es conservaran m\u00e9s temps del necessari, sense perjudici de la conservaci\u00f3 que result\u00e9s necess\u00e0ria per a la formulaci\u00f3, l&#8217;exercici o la defensa de potencials reclamacions i\/o sempre que ho permet\u00e9s la legislaci\u00f3 aplicable.<\/p>\n<p><strong>A quins destinataris es comunicaran les seves dades?<\/strong><\/p>\n<p>Per a prestar serveis estrictament necessaris per al desenvolupament de l&#8217;activitat, <strong>Teichenn\u00e9, S.A.<\/strong>, comparteix dades amb diverses empreses sota les seves corresponents condicions de privacitat.<\/p>\n<p>Totes les utilitats ofertes per tercers s\u00f3n estrictament necess\u00e0ries per al desenvolupament dels nostres serveis i han estat seleccionades atenent el compliment dels drets que preservem en l&#8217;empresa.<\/p>\n<p>No obstant aix\u00f2, les dades registrades poden ser comunicades a Entitats el nivell de protecci\u00f3 de les quals no \u00e9s adequat a la normativa europea. Aix\u00f2 pot suposar una transfer\u00e8ncia internacional de dades que li ser\u00e0 degudament informada i en el seu cas se li recaptar\u00e0 el consentiment expl\u00edcit per a efectuar la mateixa.<\/p>\n<p>Diferents empreses tindran acc\u00e9s a la informaci\u00f3 personal necess\u00e0ria per a realitzar les seves funcions com a encarregats de tractament, per\u00f2 no podran utilitzar-la per a altres fins. A m\u00e9s, hauran de tractar la informaci\u00f3 personal de conformitat amb la present Pol\u00edtica de Privacitat i la legislaci\u00f3 aplicable en mat\u00e8ria de protecci\u00f3 de dades. Entre aquests encarregats de tractament estan:<\/p>\n<p><strong>Hosting:<\/strong> L\u00cdNEA GR\u00c1FICA, Especialistas en Comercio Electr\u00f3nico, S.L., CIF B91794685, amb domicili en CALLE ASTRONOM\u00cdA 1, TORRE 1, PLANTA 10, MOD 8-11 (Espanya). M\u00e9s informaci\u00f3 en https:\/\/www.lineagrafica.es\/, tracta les dades amb la finalitat de realitzar els seus serveis com a prove\u00efdor de hosting a <strong>Teichenn\u00e9, S.A.<\/strong><\/p>\n<p><strong>Plataforma web:<\/strong> WordPress.org, m\u00e9s informaci\u00f3 en<u>https:\/\/wordpress.org\/<\/u> tracta les dades amb la finalitat de realitzar els seus serveis de suport a <strong>Teichenn\u00e9, S.A.<\/strong><\/p>\n<p><strong>Email m\u00e0rqueting:<\/strong> CPC Serveis Inform\u00e0tics SL (Mailrelay), amb domicili a Madrid. M\u00e9s informaci\u00f3 en <a href=\"https:\/\/mailrelay.com\">https:\/\/mailrelay.com<\/a><u>.<\/u>CPC Serveis Inform\u00e0tics SL (Mailrelay) tracta les dades amb la finalitat de realitzar els seus serveis de gesti\u00f3 d&#8217;email m\u00e0rqueting a <strong>Teichenn\u00e9, S.A.<\/strong><\/p>\n<p><strong>Secret i seguretat de les dades<\/strong><\/p>\n<p><strong>Teichenn\u00e9, S.A. <\/strong>es compromet en l&#8217;\u00fas i tractament de les dades personals incloses dels usuaris, respectant la seva confidencialitat i a utilitzar-los d&#8217;acord amb la finalitat d&#8217;aquests, aix\u00ed com a donar compliment a la seva obligaci\u00f3 de guardar-los i adaptar totes les mesures per a evitar l&#8217;alteraci\u00f3, p\u00e8rdua, tractament o acc\u00e9s no autoritzat, de conformitat amb el que s&#8217;estableix en la normativa vigent de protecci\u00f3 de dades.<\/p>\n<p><strong>Teichenn\u00e9, S.A<\/strong>. no pot garantir l&#8217;absoluta inexpugnabilidad de la xarxa d&#8217;Internet i, per tant, la violaci\u00f3 de les dades mitjan\u00e7ant accessos fraudulents a ells per part de tercers.<\/p>\n<p><strong>Exactitud i veracitat de les dades<\/strong><\/p>\n<p>Com a usuari, \u00e9s l&#8217;\u00fanic responsable de la veracitat i correcci\u00f3 de les dades que ens remeti, exonerant a <strong>Teichenn\u00e9, S.A.<\/strong>de qualsevol responsabilitat sobre aquest tema. Els usuaris garanteixen i responen, en qualsevol cas, de l&#8217;exactitud, vig\u00e8ncia i autenticitat de les dades personals facilitades i es comprometen a mantenir-los degudament actualitzats. L&#8217;usuari accepta proporcionar informaci\u00f3 completa i correcta en les diferents formes de contacte.<\/p>\n<p><strong>Acceptaci\u00f3 i consentiment<\/strong><\/p>\n<p>L&#8217;usuari declara haver estat informat de les condicions sobre protecci\u00f3 de dades de car\u00e0cter personal, acceptant i consentint el tractament dels mateixos per part de <strong>Teichenn\u00e9, S.A.<\/strong> en la forma i per a les finalitats indicades en aquesta Pol\u00edtica de Privacitat.<\/p>\n<p><strong>Canvis en la pol\u00edtica de privacitat<\/strong><\/p>\n<p><strong>Teichenn\u00e9, S.A.<\/strong> se reserva el dret a modificar la present pol\u00edtica per a adaptar-la a novetats legislatives o jurisprudencials, aix\u00ed com a pr\u00e0ctiques de la ind\u00fastria. En aquests sup\u00f2sits, el Prestador anunciar\u00e0 en aquesta p\u00e0gina els canvis introdu\u00efts amb raonable antelaci\u00f3 a la seva posada en pr\u00e0ctica.<\/p>\n<p><strong>Correus comercials<\/strong><\/p>\n<p>D&#8217;acord amb la LSSICE, <strong>Teichenn\u00e9, S.A.<\/strong> no realitza pr\u00e0ctiques de SPAM, per la qual cosa no envia correus comercials per via electr\u00f2nica que no hagin estat pr\u00e8viament sol\u00b7licitats o autoritzats per l&#8217;usuari. En conseq\u00fc\u00e8ncia, en cadascun dels formularis de contacte, l&#8217;usuari t\u00e9 la possibilitat de donar el seu consentiment expr\u00e9s per a rebre not\u00edcies dels nostres serveis i productes, amb independ\u00e8ncia de la informaci\u00f3 comercial puntualment sol\u00b7licitada.<\/p>\n<p>Conforme al que es disposa en la Llei 34\/2002 de Serveis de la Societat de la Informaci\u00f3 i de comer\u00e7 electr\u00f2nic, <strong>Teichenn\u00e9, S.A.<\/strong> se compromet a no enviar comunicacions de car\u00e0cter comercial sense identificar-les degudament. <\/p>\n<p><em>Document revisat el 10\/10\/2023<\/em><\/p>\t\t\t\t\t\t\t\t<\/div>\n\t\t\t\t<\/div>\n\t\t\t\t\t<\/div>\n\t\t<\/div>\n\t\t\t\t\t<\/div>\n\t\t<\/section>\n\t\t\t\t<\/div>\n\t\t","protected":false},"excerpt":{"rendered":"<p>Politica de privacitat Li donem la benvinguda a la web corporativa i li convidem a con\u00e8ixer aquests termes abans que faciliti les seves dades personals en ella. Menors d&#8217;edat En el cas dels menors de catorze anys es requereix el consentiment dels pares o tutors per al tractament de les seves dades personals. En cap [&hellip;]<\/p>\n","protected":false},"author":218,"featured_media":0,"parent":0,"menu_order":0,"comment_status":"closed","ping_status":"closed","template":"elementor_header_footer","meta":{"_acf_changed":false,"footnotes":""},"class_list":["post-9938","page","type-page","status-publish","hentry"],"acf":[],"_links":{"self":[{"href":"https:\/\/teichenne.com\/ca\/wp-json\/wp\/v2\/pages\/9938","targetHints":{"allow":["GET"]}}],"collection":[{"href":"https:\/\/teichenne.com\/ca\/wp-json\/wp\/v2\/pages"}],"about":[{"href":"https:\/\/teichenne.com\/ca\/wp-json\/wp\/v2\/types\/page"}],"author":[{"embeddable":true,"href":"https:\/\/teichenne.com\/ca\/wp-json\/wp\/v2\/users\/218"}],"replies":[{"embeddable":true,"href":"https:\/\/teichenne.com\/ca\/wp-json\/wp\/v2\/comments?post=9938"}],"version-history":[{"count":14,"href":"https:\/\/teichenne.com\/ca\/wp-json\/wp\/v2\/pages\/9938\/revisions"}],"predecessor-version":[{"id":20060,"href":"https:\/\/teichenne.com\/ca\/wp-json\/wp\/v2\/pages\/9938\/revisions\/20060"}],"wp:attachment":[{"href":"https:\/\/teichenne.com\/ca\/wp-json\/wp\/v2\/media?parent=9938"}],"curies":[{"name":"wp","href":"https:\/\/api.w.org\/{rel}","templated":true}]}}